{"id":65,"date":"2016-09-14T15:49:00","date_gmt":"2016-09-14T14:49:00","guid":{"rendered":"http:\/\/maryarchitecte.fr\/?page_id=65"},"modified":"2024-10-11T10:25:01","modified_gmt":"2024-10-11T09:25:01","slug":"formation","status":"publish","type":"page","link":"https:\/\/maryarchitecte.fr\/index.php\/formation\/","title":{"rendered":"Formation"},"content":{"rendered":"\n<p><\/p>\n\n\n\n<div class=\"wp-block-media-text alignwide has-media-on-the-right is-stacked-on-mobile is-vertically-aligned-bottom\" style=\"grid-template-columns:auto 49%\"><figure class=\"wp-block-media-text__media\"><img decoding=\"async\" loading=\"lazy\" width=\"1024\" height=\"768\" src=\"https:\/\/maryarchitecte.fr\/wp-content\/uploads\/2024\/10\/IMG_0359-1024x768.jpg\" alt=\"\" class=\"wp-image-1025\" srcset=\"https:\/\/maryarchitecte.fr\/wp-content\/uploads\/2024\/10\/IMG_0359-1024x768.jpg 1024w, https:\/\/maryarchitecte.fr\/wp-content\/uploads\/2024\/10\/IMG_0359-300x225.jpg 300w, https:\/\/maryarchitecte.fr\/wp-content\/uploads\/2024\/10\/IMG_0359-768x576.jpg 768w, https:\/\/maryarchitecte.fr\/wp-content\/uploads\/2024\/10\/IMG_0359-1536x1152.jpg 1536w, https:\/\/maryarchitecte.fr\/wp-content\/uploads\/2024\/10\/IMG_0359-2048x1536.jpg 2048w, https:\/\/maryarchitecte.fr\/wp-content\/uploads\/2024\/10\/IMG_0359-400x300.jpg 400w\" sizes=\"(max-width: 1024px) 100vw, 1024px\" \/><\/figure><div class=\"wp-block-media-text__content\">\n<p><strong>2022<\/strong><\/p>\n\n\n\n<p>Formation \u00ab\u00a0B\u00e2tir en terre\u00a0\u00bb \u00e0 Montpeyroux (H\u00e9rault)<\/p>\n\n\n\n<p>2 jours de re-d\u00e9couvertes de ce mat\u00e9riau formidable et de ses multiples formes et applications<\/p>\n<\/div><\/div>\n\n\n\n<div class=\"wp-block-media-text alignwide has-media-on-the-right is-stacked-on-mobile is-vertically-aligned-bottom\"><figure class=\"wp-block-media-text__media\"><img decoding=\"async\" loading=\"lazy\" width=\"1024\" height=\"576\" src=\"http:\/\/maryarchitecte.fr\/wp-content\/uploads\/2022\/06\/chanvre-1024x576.jpg\" alt=\"\" class=\"wp-image-896\" srcset=\"https:\/\/maryarchitecte.fr\/wp-content\/uploads\/2022\/06\/chanvre-1024x576.jpg 1024w, https:\/\/maryarchitecte.fr\/wp-content\/uploads\/2022\/06\/chanvre-300x169.jpg 300w, https:\/\/maryarchitecte.fr\/wp-content\/uploads\/2022\/06\/chanvre-768x432.jpg 768w, https:\/\/maryarchitecte.fr\/wp-content\/uploads\/2022\/06\/chanvre-1536x864.jpg 1536w, https:\/\/maryarchitecte.fr\/wp-content\/uploads\/2022\/06\/chanvre-400x225.jpg 400w, https:\/\/maryarchitecte.fr\/wp-content\/uploads\/2022\/06\/chanvre.jpg 1920w\" sizes=\"(max-width: 1024px) 100vw, 1024px\" \/><\/figure><div class=\"wp-block-media-text__content\">\n<p><strong>2021<\/strong><\/p>\n\n\n\n<p>Formation chaux-chanvre \u00e0 l&rsquo;\u00e9cole nationale du Chanvre, situ\u00e9e \u00e0 Mende<\/p>\n<\/div><\/div>\n\n\n\n<div class=\"wp-block-media-text alignwide has-media-on-the-right is-stacked-on-mobile\"><figure class=\"wp-block-media-text__media\"><img decoding=\"async\" loading=\"lazy\" width=\"724\" height=\"1024\" src=\"http:\/\/maryarchitecte.fr\/wp-content\/uploads\/2022\/06\/diplo\u0302me-passive-house-724x1024.jpg\" alt=\"\" class=\"wp-image-898\" srcset=\"https:\/\/maryarchitecte.fr\/wp-content\/uploads\/2022\/06\/diplo\u0302me-passive-house-724x1024.jpg 724w, https:\/\/maryarchitecte.fr\/wp-content\/uploads\/2022\/06\/diplo\u0302me-passive-house-212x300.jpg 212w, https:\/\/maryarchitecte.fr\/wp-content\/uploads\/2022\/06\/diplo\u0302me-passive-house-768x1086.jpg 768w, https:\/\/maryarchitecte.fr\/wp-content\/uploads\/2022\/06\/diplo\u0302me-passive-house-1087x1536.jpg 1087w, https:\/\/maryarchitecte.fr\/wp-content\/uploads\/2022\/06\/diplo\u0302me-passive-house-400x565.jpg 400w, https:\/\/maryarchitecte.fr\/wp-content\/uploads\/2022\/06\/diplo\u0302me-passive-house.jpg 1240w\" sizes=\"(max-width: 724px) 100vw, 724px\" \/><\/figure><div class=\"wp-block-media-text__content\">\n<p><strong>2020<\/strong><\/p>\n\n\n\n<p>Formation Concepteur\/Conseiller Europ\u00e9en Certifi\u00e9 Maison Passive \/ Passivhaus (CEPH)<\/p>\n<\/div><\/div>\n\n\n\n<div class=\"wp-block-media-text alignwide has-media-on-the-right is-stacked-on-mobile\"><figure class=\"wp-block-media-text__media\"><\/figure><div class=\"wp-block-media-text__content\">\n<p><strong>2019<\/strong><\/p>\n\n\n\n<p>Formation \u00e0 la r\u00e9cup\u00e9ration de l&rsquo;eau de pluie<\/p>\n\n\n\n<p>Formation \u00e0 la nouvelle r\u00e8glementation thermique RE 2020 E+\/C-<\/p>\n<\/div><\/div>\n\n\n\n<div class=\"wp-block-group alignwide\"><div class=\"wp-block-group__inner-container is-layout-flow\">\n<div class=\"wp-block-media-text alignwide has-media-on-the-right is-stacked-on-mobile\"><figure class=\"wp-block-media-text__media\"><img decoding=\"async\" loading=\"lazy\" width=\"1024\" height=\"724\" src=\"http:\/\/maryarchitecte.fr\/wp-content\/uploads\/2022\/06\/Pro-paille-1-1024x724.jpg\" alt=\"\" class=\"wp-image-900\" srcset=\"https:\/\/maryarchitecte.fr\/wp-content\/uploads\/2022\/06\/Pro-paille-1-1024x724.jpg 1024w, https:\/\/maryarchitecte.fr\/wp-content\/uploads\/2022\/06\/Pro-paille-1-300x212.jpg 300w, https:\/\/maryarchitecte.fr\/wp-content\/uploads\/2022\/06\/Pro-paille-1-768x543.jpg 768w, https:\/\/maryarchitecte.fr\/wp-content\/uploads\/2022\/06\/Pro-paille-1-1536x1086.jpg 1536w, https:\/\/maryarchitecte.fr\/wp-content\/uploads\/2022\/06\/Pro-paille-1-400x283.jpg 400w, https:\/\/maryarchitecte.fr\/wp-content\/uploads\/2022\/06\/Pro-paille-1.jpg 1754w\" sizes=\"(max-width: 1024px) 100vw, 1024px\" \/><\/figure><div class=\"wp-block-media-text__content\">\n<p><strong>2016<\/strong><\/p>\n\n\n\n<p>Formation Pro-Paille<\/p>\n\n\n\n<p>Formation&nbsp;: Performance \u00e9nerg\u00e9tique du&nbsp;b\u00e2timent<\/p>\n\n\n\n<p><em>Praxibat : parois opaques <\/em>(\u00e9tanch\u00e9it\u00e9 \u00e0 l&rsquo;air du b\u00e2timent, migration de la vapeur d&rsquo;eau, ventilation)<\/p>\n\n\n\n<p><em>Feebat R\u00e9nov<\/em> (formation aux \u00e9conomies d&rsquo;\u00e9nergie dans le b\u00e2timent) &nbsp;&nbsp;<\/p>\n<\/div><\/div>\n<\/div><\/div>\n\n\n<p><\/p>\n<p style=\"padding-left: 40px;\"><b>2005-2014<\/b><\/p>\n<p style=\"padding-left: 40px;\">Postes de dessinatrice puis d&rsquo;architecte dans diverses agences d&rsquo;architecture en r\u00e9gion parisienne (AAE&rsquo;, Imodome, Atelier Plein Cintre, F. Mary architecte),&nbsp; puis sur N\u00eemes (Habitec, Duval Architecte)<\/p>\n<p style=\"padding-left: 40px;\"><strong>2010<\/strong><\/p>\n<p style=\"padding-left: 40px;\">Habilitation \u00e0 la maitrise d&rsquo;oeuvre en son nom propre (HMONP)<\/p>\n<p style=\"padding-left: 40px;\"><strong>2009<\/strong><\/p>\n<p style=\"padding-left: 40px;\">Obtention du dipl\u00f4me d&rsquo;\u00c9tat d&rsquo;architecte &#8211; Ecole Nationale Sup\u00e9rieure d&rsquo;Architecture de Versailles<\/p>\n<p style=\"padding-left: 40px;\"><strong>2005-2006<\/strong><\/p>\n<p style=\"padding-left: 40px;\">Ecole Nationale d&rsquo;Architecture de La Plata, Argentine, 4\u00e8me ann\u00e9e<\/p>","protected":false},"excerpt":{"rendered":"<p>2022 Formation \u00ab\u00a0B\u00e2tir en terre\u00a0\u00bb \u00e0 Montpeyroux (H\u00e9rault) 2 jours de re-d\u00e9couvertes de ce mat\u00e9riau formidable et de ses multiples formes et applications 2021 Formation chaux-chanvre \u00e0 l&rsquo;\u00e9cole nationale du Chanvre, situ\u00e9e \u00e0 Mende 2020 Formation Concepteur\/Conseiller Europ\u00e9en Certifi\u00e9 Maison Passive \/ Passivhaus (CEPH) 2019 Formation \u00e0 la r\u00e9cup\u00e9ration de l&rsquo;eau de pluie Formation \u00e0&hellip; <\/p>\n<p class=\"more-link-p\"><a class=\"more-link\" href=\"https:\/\/maryarchitecte.fr\/index.php\/formation\/\">Continue reading <span class=\"meta-nav\">&rarr;<\/span><\/a><\/p>\n","protected":false},"author":1,"featured_media":0,"parent":0,"menu_order":2,"comment_status":"closed","ping_status":"closed","template":"","meta":[],"_links":{"self":[{"href":"https:\/\/maryarchitecte.fr\/index.php\/wp-json\/wp\/v2\/pages\/65"}],"collection":[{"href":"https:\/\/maryarchitecte.fr\/index.php\/wp-json\/wp\/v2\/pages"}],"about":[{"href":"https:\/\/maryarchitecte.fr\/index.php\/wp-json\/wp\/v2\/types\/page"}],"author":[{"embeddable":true,"href":"https:\/\/maryarchitecte.fr\/index.php\/wp-json\/wp\/v2\/users\/1"}],"replies":[{"embeddable":true,"href":"https:\/\/maryarchitecte.fr\/index.php\/wp-json\/wp\/v2\/comments?post=65"}],"version-history":[{"count":17,"href":"https:\/\/maryarchitecte.fr\/index.php\/wp-json\/wp\/v2\/pages\/65\/revisions"}],"predecessor-version":[{"id":1027,"href":"https:\/\/maryarchitecte.fr\/index.php\/wp-json\/wp\/v2\/pages\/65\/revisions\/1027"}],"wp:attachment":[{"href":"https:\/\/maryarchitecte.fr\/index.php\/wp-json\/wp\/v2\/media?parent=65"}],"curies":[{"name":"wp","href":"https:\/\/api.w.org\/{rel}","templated":true}]}}